{"id":96,"date":"2022-04-02T06:39:17","date_gmt":"2022-04-02T06:39:17","guid":{"rendered":"http:\/\/www.boranera.com\/?post_type=product&#038;p=96"},"modified":"2026-03-17T18:10:09","modified_gmt":"2026-03-17T18:10:09","slug":"colombia-antioquia","status":"publish","type":"product","link":"http:\/\/www.boranera.com\/en\/product\/kave\/colombia-antioquia\/","title":{"rendered":"Colombia &#8211; El Indio"},"content":{"rendered":"","protected":false},"excerpt":{"rendered":"<p>Felipe and Carlos Arcila, 4th generation coffee growers, co-founded Cofinet. Their father, Jairo Arcila, also a coffee grower, has been in the business for decades. In 2015, they expanded into specialty coffee, introducing innovative fermentation techniques. At La Pradera, their farm and Processing Centre, they handle exotic coffee varieties, revealing new Colombian coffee profiles.<\/p>\n<p>This coffee undergoes meticulous hand-picking to select only the ripest cherries, followed by hand sorting to eliminate defects. It's then sun-dried on raised beds with controlled temperature until reaching the perfect moisture level. This microlot consists entirely of Caturra beans.<\/p>\n<p>Terroir: Tolima<br \/>\nProcess: Natural<br \/>\nVariety: Caturra<br \/>\nAltitude: 1800-1950 m.a.s.l.<br \/>\nCup Profile: Tropical fruit, chocolate, orange, winey<\/p>","protected":false},"featured_media":2365,"template":"","meta":{"_et_pb_use_builder":"","_et_pb_old_content":"","_et_gb_content_width":""},"product_brand":[],"product_cat":[18],"product_tag":[],"class_list":{"0":"post-96","1":"product","2":"type-product","3":"status-publish","4":"has-post-thumbnail","6":"product_cat-kave","8":"first","9":"instock","10":"taxable","11":"shipping-taxable","12":"purchasable","13":"product-type-variable"},"yoast_head":"<!-- This site is optimized with the Yoast SEO plugin v25.6 - https:\/\/yoast.com\/wordpress\/plugins\/seo\/ -->\n<title>Colombia - El Indio - Bora Nera<\/title>\n<meta name=\"description\" content=\"&quot;Cuna de la Libertad&quot; je mikro-lot koji svoje ime uzima iz plemenitog \u010dina obitelji Casta\u00f1eda-Londo\u00f1o koja je 1776. godine oslobodila 122 robova. Ovaj \u010din postavio je temelje ukidanju ropstva u zemlji. Par vlasnika zemlji\u0161ta uzgaja ovu izvanrednu kavu u op\u0107ini El Retiro de Antioquia na povr\u0161ini od 4 hektara, od kojih je 3 posve\u0107eno kavi. Prosje\u010dna proizvodnja iznosi 25 vre\u0107a godi\u0161nje i certificirana je kao Fer trgova\u010dka na porijeklu.Regija: AntioquiaObrada: WashedSorta: Caturra, CastilloVisina: 1960mOkus: Wine gum, tropical fruit, lichy, savory\" \/>\n<meta name=\"robots\" content=\"index, follow, max-snippet:-1, max-image-preview:large, max-video-preview:-1\" \/>\n<link rel=\"canonical\" href=\"https:\/\/www.boranera.com\/en\/product\/kave\/colombia-antioquia\/\" \/>\n<meta property=\"og:locale\" content=\"en_GB\" \/>\n<meta property=\"og:type\" content=\"article\" \/>\n<meta property=\"og:title\" content=\"Colombia - El Indio - Bora Nera\" \/>\n<meta property=\"og:description\" content=\"&quot;Cuna de la Libertad&quot; je mikro-lot koji svoje ime uzima iz plemenitog \u010dina obitelji Casta\u00f1eda-Londo\u00f1o koja je 1776. godine oslobodila 122 robova. Ovaj \u010din postavio je temelje ukidanju ropstva u zemlji. Par vlasnika zemlji\u0161ta uzgaja ovu izvanrednu kavu u op\u0107ini El Retiro de Antioquia na povr\u0161ini od 4 hektara, od kojih je 3 posve\u0107eno kavi. Prosje\u010dna proizvodnja iznosi 25 vre\u0107a godi\u0161nje i certificirana je kao Fer trgova\u010dka na porijeklu.Regija: AntioquiaObrada: WashedSorta: Caturra, CastilloVisina: 1960mOkus: Wine gum, tropical fruit, lichy, savory\" \/>\n<meta property=\"og:url\" content=\"https:\/\/www.boranera.com\/en\/product\/kave\/colombia-antioquia\/\" \/>\n<meta property=\"og:site_name\" content=\"Bora Nera\" \/>\n<meta property=\"article:publisher\" content=\"https:\/\/www.facebook.com\/boraneracoffee\" \/>\n<meta property=\"article:modified_time\" content=\"2026-03-17T18:10:09+00:00\" \/>\n<meta property=\"og:image\" content=\"https:\/\/www.boranera.com\/wp-content\/uploads\/2024\/11\/CRDM_BORANERA_307.png\" \/>\n\t<meta property=\"og:image:width\" content=\"562\" \/>\n\t<meta property=\"og:image:height\" content=\"562\" \/>\n\t<meta property=\"og:image:type\" content=\"image\/png\" \/>\n<meta name=\"twitter:card\" content=\"summary_large_image\" \/>\n<meta name=\"twitter:label1\" content=\"Estimated reading time\" \/>\n\t<meta name=\"twitter:data1\" content=\"1 minute\" \/>\n<script type=\"application\/ld+json\" class=\"yoast-schema-graph\">{\"@context\":\"https:\/\/schema.org\",\"@graph\":[{\"@type\":\"WebPage\",\"@id\":\"https:\/\/www.boranera.com\/product\/kave\/colombia-antioquia\/\",\"url\":\"https:\/\/www.boranera.com\/product\/kave\/colombia-antioquia\/\",\"name\":\"Colombia - El Indio - Bora Nera\",\"isPartOf\":{\"@id\":\"https:\/\/www.boranera.com\/#website\"},\"primaryImageOfPage\":{\"@id\":\"https:\/\/www.boranera.com\/product\/kave\/colombia-antioquia\/#primaryimage\"},\"image\":{\"@id\":\"https:\/\/www.boranera.com\/product\/kave\/colombia-antioquia\/#primaryimage\"},\"thumbnailUrl\":\"https:\/\/www.boranera.com\/wp-content\/uploads\/2024\/11\/CRDM_BORANERA_307.png\",\"datePublished\":\"2022-04-02T06:39:17+00:00\",\"dateModified\":\"2026-03-17T18:10:09+00:00\",\"description\":\"\\\"Cuna de la Libertad\\\" je mikro-lot koji svoje ime uzima iz plemenitog \u010dina obitelji Casta\u00f1eda-Londo\u00f1o koja je 1776. godine oslobodila 122 robova. Ovaj \u010din postavio je temelje ukidanju ropstva u zemlji. Par vlasnika zemlji\u0161ta uzgaja ovu izvanrednu kavu u op\u0107ini El Retiro de Antioquia na povr\u0161ini od 4 hektara, od kojih je 3 posve\u0107eno kavi. Prosje\u010dna proizvodnja iznosi 25 vre\u0107a godi\u0161nje i certificirana je kao Fer trgova\u010dka na porijeklu.Regija: AntioquiaObrada: WashedSorta: Caturra, CastilloVisina: 1960mOkus: Wine gum, tropical fruit, lichy, savory\",\"breadcrumb\":{\"@id\":\"https:\/\/www.boranera.com\/product\/kave\/colombia-antioquia\/#breadcrumb\"},\"inLanguage\":\"en-GB\",\"potentialAction\":[{\"@type\":\"ReadAction\",\"target\":[\"https:\/\/www.boranera.com\/product\/kave\/colombia-antioquia\/\"]}]},{\"@type\":\"ImageObject\",\"inLanguage\":\"en-GB\",\"@id\":\"https:\/\/www.boranera.com\/product\/kave\/colombia-antioquia\/#primaryimage\",\"url\":\"https:\/\/www.boranera.com\/wp-content\/uploads\/2024\/11\/CRDM_BORANERA_307.png\",\"contentUrl\":\"https:\/\/www.boranera.com\/wp-content\/uploads\/2024\/11\/CRDM_BORANERA_307.png\",\"width\":562,\"height\":562},{\"@type\":\"BreadcrumbList\",\"@id\":\"https:\/\/www.boranera.com\/product\/kave\/colombia-antioquia\/#breadcrumb\",\"itemListElement\":[{\"@type\":\"ListItem\",\"position\":1,\"name\":\"Home\",\"item\":\"https:\/\/www.boranera.com\/hr\/\"},{\"@type\":\"ListItem\",\"position\":2,\"name\":\"Trgovina\",\"item\":\"https:\/\/www.boranera.com\/trgovina\/\"},{\"@type\":\"ListItem\",\"position\":3,\"name\":\"Colombia &#8211; El Indio\"}]},{\"@type\":\"WebSite\",\"@id\":\"https:\/\/www.boranera.com\/#website\",\"url\":\"https:\/\/www.boranera.com\/\",\"name\":\"Bora Nera\",\"description\":\"THE FIRST SPECIALTY COFFEE IN ISTRIA\",\"publisher\":{\"@id\":\"https:\/\/www.boranera.com\/#organization\"},\"potentialAction\":[{\"@type\":\"SearchAction\",\"target\":{\"@type\":\"EntryPoint\",\"urlTemplate\":\"https:\/\/www.boranera.com\/?s={search_term_string}\"},\"query-input\":{\"@type\":\"PropertyValueSpecification\",\"valueRequired\":true,\"valueName\":\"search_term_string\"}}],\"inLanguage\":\"en-GB\"},{\"@type\":\"Organization\",\"@id\":\"https:\/\/www.boranera.com\/#organization\",\"name\":\"Bora Nera\",\"url\":\"https:\/\/www.boranera.com\/\",\"logo\":{\"@type\":\"ImageObject\",\"inLanguage\":\"en-GB\",\"@id\":\"https:\/\/www.boranera.com\/#\/schema\/logo\/image\/\",\"url\":\"https:\/\/www.boranera.com\/wp-content\/uploads\/2023\/03\/Logo_Dark.png\",\"contentUrl\":\"https:\/\/www.boranera.com\/wp-content\/uploads\/2023\/03\/Logo_Dark.png\",\"width\":536,\"height\":344,\"caption\":\"Bora Nera\"},\"image\":{\"@id\":\"https:\/\/www.boranera.com\/#\/schema\/logo\/image\/\"},\"sameAs\":[\"https:\/\/www.facebook.com\/boraneracoffee\",\"https:\/\/www.instagram.com\/boraneracoffee\/\"]}]}<\/script>\n<!-- \/ Yoast SEO plugin. -->","yoast_head_json":{"title":"Colombia - El Indio - Bora Nera","description":"\"Cuna de la Libertad\" je mikro-lot koji svoje ime uzima iz plemenitog \u010dina obitelji Casta\u00f1eda-Londo\u00f1o koja je 1776. godine oslobodila 122 robova. Ovaj \u010din postavio je temelje ukidanju ropstva u zemlji. Par vlasnika zemlji\u0161ta uzgaja ovu izvanrednu kavu u op\u0107ini El Retiro de Antioquia na povr\u0161ini od 4 hektara, od kojih je 3 posve\u0107eno kavi. Prosje\u010dna proizvodnja iznosi 25 vre\u0107a godi\u0161nje i certificirana je kao Fer trgova\u010dka na porijeklu.Regija: AntioquiaObrada: WashedSorta: Caturra, CastilloVisina: 1960mOkus: Wine gum, tropical fruit, lichy, savory","robots":{"index":"index","follow":"follow","max-snippet":"max-snippet:-1","max-image-preview":"max-image-preview:large","max-video-preview":"max-video-preview:-1"},"canonical":"https:\/\/www.boranera.com\/en\/product\/kave\/colombia-antioquia\/","og_locale":"en_GB","og_type":"article","og_title":"Colombia - El Indio - Bora Nera","og_description":"\"Cuna de la Libertad\" je mikro-lot koji svoje ime uzima iz plemenitog \u010dina obitelji Casta\u00f1eda-Londo\u00f1o koja je 1776. godine oslobodila 122 robova. Ovaj \u010din postavio je temelje ukidanju ropstva u zemlji. Par vlasnika zemlji\u0161ta uzgaja ovu izvanrednu kavu u op\u0107ini El Retiro de Antioquia na povr\u0161ini od 4 hektara, od kojih je 3 posve\u0107eno kavi. Prosje\u010dna proizvodnja iznosi 25 vre\u0107a godi\u0161nje i certificirana je kao Fer trgova\u010dka na porijeklu.Regija: AntioquiaObrada: WashedSorta: Caturra, CastilloVisina: 1960mOkus: Wine gum, tropical fruit, lichy, savory","og_url":"https:\/\/www.boranera.com\/en\/product\/kave\/colombia-antioquia\/","og_site_name":"Bora Nera","article_publisher":"https:\/\/www.facebook.com\/boraneracoffee","article_modified_time":"2026-03-17T18:10:09+00:00","og_image":[{"width":562,"height":562,"url":"https:\/\/www.boranera.com\/wp-content\/uploads\/2024\/11\/CRDM_BORANERA_307.png","type":"image\/png"}],"twitter_card":"summary_large_image","twitter_misc":{"Estimated reading time":"1 minute"},"schema":{"@context":"https:\/\/schema.org","@graph":[{"@type":"WebPage","@id":"https:\/\/www.boranera.com\/product\/kave\/colombia-antioquia\/","url":"https:\/\/www.boranera.com\/product\/kave\/colombia-antioquia\/","name":"Colombia - El Indio - Bora Nera","isPartOf":{"@id":"https:\/\/www.boranera.com\/#website"},"primaryImageOfPage":{"@id":"https:\/\/www.boranera.com\/product\/kave\/colombia-antioquia\/#primaryimage"},"image":{"@id":"https:\/\/www.boranera.com\/product\/kave\/colombia-antioquia\/#primaryimage"},"thumbnailUrl":"https:\/\/www.boranera.com\/wp-content\/uploads\/2024\/11\/CRDM_BORANERA_307.png","datePublished":"2022-04-02T06:39:17+00:00","dateModified":"2026-03-17T18:10:09+00:00","description":"\"Cuna de la Libertad\" je mikro-lot koji svoje ime uzima iz plemenitog \u010dina obitelji Casta\u00f1eda-Londo\u00f1o koja je 1776. godine oslobodila 122 robova. Ovaj \u010din postavio je temelje ukidanju ropstva u zemlji. Par vlasnika zemlji\u0161ta uzgaja ovu izvanrednu kavu u op\u0107ini El Retiro de Antioquia na povr\u0161ini od 4 hektara, od kojih je 3 posve\u0107eno kavi. Prosje\u010dna proizvodnja iznosi 25 vre\u0107a godi\u0161nje i certificirana je kao Fer trgova\u010dka na porijeklu.Regija: AntioquiaObrada: WashedSorta: Caturra, CastilloVisina: 1960mOkus: Wine gum, tropical fruit, lichy, savory","breadcrumb":{"@id":"https:\/\/www.boranera.com\/product\/kave\/colombia-antioquia\/#breadcrumb"},"inLanguage":"en-GB","potentialAction":[{"@type":"ReadAction","target":["https:\/\/www.boranera.com\/product\/kave\/colombia-antioquia\/"]}]},{"@type":"ImageObject","inLanguage":"en-GB","@id":"https:\/\/www.boranera.com\/product\/kave\/colombia-antioquia\/#primaryimage","url":"https:\/\/www.boranera.com\/wp-content\/uploads\/2024\/11\/CRDM_BORANERA_307.png","contentUrl":"https:\/\/www.boranera.com\/wp-content\/uploads\/2024\/11\/CRDM_BORANERA_307.png","width":562,"height":562},{"@type":"BreadcrumbList","@id":"https:\/\/www.boranera.com\/product\/kave\/colombia-antioquia\/#breadcrumb","itemListElement":[{"@type":"ListItem","position":1,"name":"Home","item":"https:\/\/www.boranera.com\/hr\/"},{"@type":"ListItem","position":2,"name":"Trgovina","item":"https:\/\/www.boranera.com\/trgovina\/"},{"@type":"ListItem","position":3,"name":"Colombia &#8211; El Indio"}]},{"@type":"WebSite","@id":"https:\/\/www.boranera.com\/#website","url":"https:\/\/www.boranera.com\/","name":"Bora Nera","description":"THE FIRST SPECIALTY COFFEE IN ISTRIA","publisher":{"@id":"https:\/\/www.boranera.com\/#organization"},"potentialAction":[{"@type":"SearchAction","target":{"@type":"EntryPoint","urlTemplate":"https:\/\/www.boranera.com\/?s={search_term_string}"},"query-input":{"@type":"PropertyValueSpecification","valueRequired":true,"valueName":"search_term_string"}}],"inLanguage":"en-GB"},{"@type":"Organization","@id":"https:\/\/www.boranera.com\/#organization","name":"Bora Nera","url":"https:\/\/www.boranera.com\/","logo":{"@type":"ImageObject","inLanguage":"en-GB","@id":"https:\/\/www.boranera.com\/#\/schema\/logo\/image\/","url":"https:\/\/www.boranera.com\/wp-content\/uploads\/2023\/03\/Logo_Dark.png","contentUrl":"https:\/\/www.boranera.com\/wp-content\/uploads\/2023\/03\/Logo_Dark.png","width":536,"height":344,"caption":"Bora Nera"},"image":{"@id":"https:\/\/www.boranera.com\/#\/schema\/logo\/image\/"},"sameAs":["https:\/\/www.facebook.com\/boraneracoffee","https:\/\/www.instagram.com\/boraneracoffee\/"]}]}},"_links":{"self":[{"href":"http:\/\/www.boranera.com\/en\/wp-json\/wp\/v2\/product\/96"}],"collection":[{"href":"http:\/\/www.boranera.com\/en\/wp-json\/wp\/v2\/product"}],"about":[{"href":"http:\/\/www.boranera.com\/en\/wp-json\/wp\/v2\/types\/product"}],"wp:featuredmedia":[{"embeddable":true,"href":"http:\/\/www.boranera.com\/en\/wp-json\/wp\/v2\/media\/2365"}],"wp:attachment":[{"href":"http:\/\/www.boranera.com\/en\/wp-json\/wp\/v2\/media?parent=96"}],"wp:term":[{"taxonomy":"product_brand","embeddable":true,"href":"http:\/\/www.boranera.com\/en\/wp-json\/wp\/v2\/product_brand?post=96"},{"taxonomy":"product_cat","embeddable":true,"href":"http:\/\/www.boranera.com\/en\/wp-json\/wp\/v2\/product_cat?post=96"},{"taxonomy":"product_tag","embeddable":true,"href":"http:\/\/www.boranera.com\/en\/wp-json\/wp\/v2\/product_tag?post=96"}],"curies":[{"name":"wp","href":"https:\/\/api.w.org\/{rel}","templated":true}]}}